{"id":1100,"date":"2023-04-19T13:02:38","date_gmt":"2023-04-19T16:02:38","guid":{"rendered":"https:\/\/www.telessaude.uerj.br\/saude3d\/?page_id=1100"},"modified":"2023-04-19T13:02:38","modified_gmt":"2023-04-19T16:02:38","slug":"informacoes","status":"publish","type":"page","link":"https:\/\/www.telessaude.uerj.br\/saude3d\/informacoes\/","title":{"rendered":"Informa\u00e7\u00f5es"},"content":{"rendered":"<h3><strong>INTRODU\u00c7\u00c3O \u00c0S TECNOLOGIAS 3D EM SA\u00daDE<\/strong><\/h3>\n<p><strong>CURSO PRESENCIAL <\/strong><\/p>\n<p><strong>Per\u00edodo:<\/strong> de 3 a 31 de maio de 2023<br \/>\n<strong>Dura\u00e7\u00e3o:<\/strong> 2 horas por m\u00f3dulo, sempre \u00e0s quartas-feiras, de 12h \u00e0s 14h<br \/>\n<strong>Local:<\/strong> Anfiteatro 30, no pr\u00e9dio CEPEM\u00a0 | HUPE<\/p>\n<p><strong>Promo\u00e7\u00e3o:<\/strong> SAUDE3D | C\u00c9LULA SA\u00daDE DE INOVA\u00c7\u00c3O E EMPREENDEDORISMO UERJ<\/p>\n<p><strong>Coordena\u00e7\u00e3o:<\/strong> Alexandra Monteiro e Norma Albarello<br \/>\n<strong>Organiza\u00e7\u00e3o:\u00a0<\/strong> IBRAG, FCM, HUPE\u00a0 e Telessa\u00fade UERJ<\/p>\n<p><strong>Apoio:<\/strong> InovUERJ e InovaHUPE<\/p>\n<p><strong>Professor convidado:<\/strong> <em><strong>Jo\u00e3o Victor Azevedo<\/strong><\/em><br \/>\nDesigner graduado pela UFRJ. Mestre e Doutor em Design pela PUC-Rio. \u00c9 professor e pesquisador na PUC-Rio onde desenvolve pesquisa nas \u00e1reas de design e medicina envolvendo realidade virtual, realidade aumentada, manufatura aditiva e bioimpress\u00e3o de tecidos vivos. \u00c9 s\u00f3cio fundador da Mar\u00e9, empresa especializada em <em>upcycling<\/em> de materiais que produz rel\u00f3gios, \u00f3culos e acess\u00f3rios por meio da fabrica\u00e7\u00e3o digital.<\/p>\n<p><strong>Ementa:<\/strong> Estudo das tecnologias tridimensionais eletr\u00f4nicas e sua aplica\u00e7\u00e3o na \u00e1rea da sa\u00fade. An\u00e1lise de solu\u00e7\u00f5es funcionais, estruturais e formais como fundamentos de uma nova pr\u00e1tica no campo.<br \/>\n<strong>Objetivo:<\/strong> Apresentar um novo paradigma do uso, inova\u00e7\u00e3o e pesquisa com tecnologias tridimensionais em sa\u00fade, incluindo o estado da arte. Apresentar os sistemas e princ\u00edpios das tecnologias 3D e suas aplica\u00e7\u00f5es na \u00e1rea da sa\u00fade.<\/p>\n","protected":false},"excerpt":{"rendered":"<p>INTRODU\u00c7\u00c3O \u00c0S TECNOLOGIAS 3D EM SA\u00daDE CURSO PRESENCIAL Per\u00edodo: de 3 a 31 de maio de 2023 Dura\u00e7\u00e3o: 2 horas [&hellip;]<\/p>\n","protected":false},"author":4,"featured_media":0,"parent":0,"menu_order":0,"comment_status":"closed","ping_status":"closed","template":"","meta":{"_monsterinsights_skip_tracking":false,"footnotes":"","_members_access_role":[],"_members_access_error":""},"class_list":["post-1100","page","type-page","status-publish","hentry"],"aioseo_notices":[],"aioseo_head":"\n\t\t<!-- All in One SEO 5.0.1.1 - aioseo.com -->\n\t<meta name=\"description\" content=\"INTRODU\u00c7\u00c3O \u00c0S TECNOLOGIAS 3D EM SA\u00daDE CURSO PRESENCIAL Per\u00edodo: de 3 a 31 de maio de 2023 Dura\u00e7\u00e3o: 2 horas por m\u00f3dulo, sempre \u00e0s quartas-feiras, de 12h \u00e0s 14h Local: Anfiteatro 30, no pr\u00e9dio CEPEM | HUPE Promo\u00e7\u00e3o: SAUDE3D | C\u00c9LULA SA\u00daDE DE INOVA\u00c7\u00c3O E EMPREENDEDORISMO UERJ Coordena\u00e7\u00e3o: Alexandra Monteiro e Norma Albarello Organiza\u00e7\u00e3o: IBRAG,\" \/>\n\t<meta name=\"robots\" content=\"max-image-preview:large\" \/>\n\t<link rel=\"canonical\" href=\"https:\/\/www.telessaude.uerj.br\/saude3d\/informacoes\/\" \/>\n\t<meta name=\"generator\" content=\"All in One SEO (AIOSEO) 5.0.1.1\" \/>\n\t\t<meta property=\"og:locale\" content=\"pt_BR\" \/>\n\t\t<meta property=\"og:site_name\" content=\"Laborat\u00f3rio Sa\u00fade 3D -\" \/>\n\t\t<meta property=\"og:type\" content=\"article\" \/>\n\t\t<meta property=\"og:title\" content=\"Informa\u00e7\u00f5es - Laborat\u00f3rio Sa\u00fade 3D\" \/>\n\t\t<meta property=\"og:description\" content=\"INTRODU\u00c7\u00c3O \u00c0S TECNOLOGIAS 3D EM SA\u00daDE CURSO PRESENCIAL Per\u00edodo: de 3 a 31 de maio de 2023 Dura\u00e7\u00e3o: 2 horas por m\u00f3dulo, sempre \u00e0s quartas-feiras, de 12h \u00e0s 14h Local: Anfiteatro 30, no pr\u00e9dio CEPEM | HUPE Promo\u00e7\u00e3o: SAUDE3D | C\u00c9LULA SA\u00daDE DE INOVA\u00c7\u00c3O E EMPREENDEDORISMO UERJ Coordena\u00e7\u00e3o: Alexandra Monteiro e Norma Albarello Organiza\u00e7\u00e3o: IBRAG,\" \/>\n\t\t<meta property=\"og:url\" content=\"https:\/\/www.telessaude.uerj.br\/saude3d\/informacoes\/\" \/>\n\t\t<meta property=\"og:image\" content=\"https:\/\/www.telessaude.uerj.br\/saude3d\/wp-content\/uploads\/sites\/7\/2022\/08\/cropped-saude3d150-2.png\" \/>\n\t\t<meta property=\"og:image:secure_url\" content=\"https:\/\/www.telessaude.uerj.br\/saude3d\/wp-content\/uploads\/sites\/7\/2022\/08\/cropped-saude3d150-2.png\" \/>\n\t\t<meta property=\"og:image:width\" content=\"150\" \/>\n\t\t<meta property=\"og:image:height\" content=\"50\" \/>\n\t\t<meta property=\"article:published_time\" content=\"2023-04-19T16:02:38-03:00\" \/>\n\t\t<meta property=\"article:modified_time\" content=\"2023-04-19T16:02:38-03:00\" \/>\n\t\t<meta name=\"twitter:card\" content=\"summary_large_image\" \/>\n\t\t<meta name=\"twitter:title\" content=\"Informa\u00e7\u00f5es - Laborat\u00f3rio Sa\u00fade 3D\" \/>\n\t\t<meta name=\"twitter:description\" content=\"INTRODU\u00c7\u00c3O \u00c0S TECNOLOGIAS 3D EM SA\u00daDE CURSO PRESENCIAL Per\u00edodo: de 3 a 31 de maio de 2023 Dura\u00e7\u00e3o: 2 horas por m\u00f3dulo, sempre \u00e0s quartas-feiras, de 12h \u00e0s 14h Local: Anfiteatro 30, no pr\u00e9dio CEPEM | HUPE Promo\u00e7\u00e3o: SAUDE3D | C\u00c9LULA SA\u00daDE DE INOVA\u00c7\u00c3O E EMPREENDEDORISMO UERJ Coordena\u00e7\u00e3o: Alexandra Monteiro e Norma Albarello Organiza\u00e7\u00e3o: IBRAG,\" \/>\n\t\t<meta name=\"twitter:image\" content=\"https:\/\/www.telessaude.uerj.br\/saude3d\/wp-content\/uploads\/sites\/7\/2022\/08\/cropped-saude3d150-2.png\" \/>\n\t\t<script type=\"application\/ld+json\" class=\"aioseo-schema\">\n\t\t\t{\"@context\":\"https:\\\/\\\/schema.org\",\"@graph\":[{\"@type\":\"BreadcrumbList\",\"@id\":\"https:\\\/\\\/www.telessaude.uerj.br\\\/saude3d\\\/informacoes\\\/#breadcrumblist\",\"itemListElement\":[{\"@type\":\"ListItem\",\"@id\":\"https:\\\/\\\/www.telessaude.uerj.br\\\/saude3d#listItem\",\"position\":1,\"name\":\"Home\",\"item\":\"https:\\\/\\\/www.telessaude.uerj.br\\\/saude3d\",\"nextItem\":{\"@type\":\"ListItem\",\"@id\":\"https:\\\/\\\/www.telessaude.uerj.br\\\/saude3d\\\/informacoes\\\/#listItem\",\"name\":\"Informa\\u00e7\\u00f5es\"}},{\"@type\":\"ListItem\",\"@id\":\"https:\\\/\\\/www.telessaude.uerj.br\\\/saude3d\\\/informacoes\\\/#listItem\",\"position\":2,\"name\":\"Informa\\u00e7\\u00f5es\",\"previousItem\":{\"@type\":\"ListItem\",\"@id\":\"https:\\\/\\\/www.telessaude.uerj.br\\\/saude3d#listItem\",\"name\":\"Home\"}}]},{\"@type\":\"Organization\",\"@id\":\"https:\\\/\\\/www.telessaude.uerj.br\\\/saude3d\\\/#organization\",\"name\":\"Laborat\\u00f3rio Sa\\u00fade 3D\",\"url\":\"https:\\\/\\\/www.telessaude.uerj.br\\\/saude3d\\\/\",\"logo\":{\"@type\":\"ImageObject\",\"url\":\"https:\\\/\\\/www.telessaude.uerj.br\\\/saude3d\\\/wp-content\\\/uploads\\\/sites\\\/7\\\/2026\\\/03\\\/cropped-HEADERSAUDE3D.jpg\",\"@id\":\"https:\\\/\\\/www.telessaude.uerj.br\\\/saude3d\\\/informacoes\\\/#organizationLogo\",\"width\":1118,\"height\":177},\"image\":{\"@id\":\"https:\\\/\\\/www.telessaude.uerj.br\\\/saude3d\\\/informacoes\\\/#organizationLogo\"}},{\"@type\":\"WebPage\",\"@id\":\"https:\\\/\\\/www.telessaude.uerj.br\\\/saude3d\\\/informacoes\\\/#webpage\",\"url\":\"https:\\\/\\\/www.telessaude.uerj.br\\\/saude3d\\\/informacoes\\\/\",\"name\":\"Informa\\u00e7\\u00f5es - Laborat\\u00f3rio Sa\\u00fade 3D\",\"description\":\"INTRODU\\u00c7\\u00c3O \\u00c0S TECNOLOGIAS 3D EM SA\\u00daDE CURSO PRESENCIAL Per\\u00edodo: de 3 a 31 de maio de 2023 Dura\\u00e7\\u00e3o: 2 horas por m\\u00f3dulo, sempre \\u00e0s quartas-feiras, de 12h \\u00e0s 14h Local: Anfiteatro 30, no pr\\u00e9dio CEPEM | HUPE Promo\\u00e7\\u00e3o: SAUDE3D | C\\u00c9LULA SA\\u00daDE DE INOVA\\u00c7\\u00c3O E EMPREENDEDORISMO UERJ Coordena\\u00e7\\u00e3o: Alexandra Monteiro e Norma Albarello Organiza\\u00e7\\u00e3o: IBRAG,\",\"inLanguage\":\"pt-BR\",\"isPartOf\":{\"@id\":\"https:\\\/\\\/www.telessaude.uerj.br\\\/saude3d\\\/#website\"},\"breadcrumb\":{\"@id\":\"https:\\\/\\\/www.telessaude.uerj.br\\\/saude3d\\\/informacoes\\\/#breadcrumblist\"},\"datePublished\":\"2023-04-19T13:02:38-03:00\",\"dateModified\":\"2023-04-19T13:02:38-03:00\"},{\"@type\":\"WebSite\",\"@id\":\"https:\\\/\\\/www.telessaude.uerj.br\\\/saude3d\\\/#website\",\"url\":\"https:\\\/\\\/www.telessaude.uerj.br\\\/saude3d\\\/\",\"name\":\"Laborat\\u00f3rio Sa\\u00fade 3D\",\"inLanguage\":\"pt-BR\",\"publisher\":{\"@id\":\"https:\\\/\\\/www.telessaude.uerj.br\\\/saude3d\\\/#organization\"}}]}\n\t\t<\/script>\n\t\t<!-- All in One SEO -->\n\n","aioseo_head_json":{"title":"Informa\u00e7\u00f5es - Laborat\u00f3rio Sa\u00fade 3D","description":"INTRODU\u00c7\u00c3O \u00c0S TECNOLOGIAS 3D EM SA\u00daDE CURSO PRESENCIAL Per\u00edodo: de 3 a 31 de maio de 2023 Dura\u00e7\u00e3o: 2 horas por m\u00f3dulo, sempre \u00e0s quartas-feiras, de 12h \u00e0s 14h Local: Anfiteatro 30, no pr\u00e9dio CEPEM | HUPE Promo\u00e7\u00e3o: SAUDE3D | C\u00c9LULA SA\u00daDE DE INOVA\u00c7\u00c3O E EMPREENDEDORISMO UERJ Coordena\u00e7\u00e3o: Alexandra Monteiro e Norma Albarello Organiza\u00e7\u00e3o: IBRAG,","canonical_url":"https:\/\/www.telessaude.uerj.br\/saude3d\/informacoes\/","robots":"max-image-preview:large","keywords":"","webmasterTools":{"miscellaneous":""},"schema":{"@context":"https:\/\/schema.org","@graph":[{"@type":"BreadcrumbList","@id":"https:\/\/www.telessaude.uerj.br\/saude3d\/informacoes\/#breadcrumblist","itemListElement":[{"@type":"ListItem","@id":"https:\/\/www.telessaude.uerj.br\/saude3d#listItem","position":1,"name":"Home","item":"https:\/\/www.telessaude.uerj.br\/saude3d","nextItem":{"@type":"ListItem","@id":"https:\/\/www.telessaude.uerj.br\/saude3d\/informacoes\/#listItem","name":"Informa\u00e7\u00f5es"}},{"@type":"ListItem","@id":"https:\/\/www.telessaude.uerj.br\/saude3d\/informacoes\/#listItem","position":2,"name":"Informa\u00e7\u00f5es","previousItem":{"@type":"ListItem","@id":"https:\/\/www.telessaude.uerj.br\/saude3d#listItem","name":"Home"}}]},{"@type":"Organization","@id":"https:\/\/www.telessaude.uerj.br\/saude3d\/#organization","name":"Laborat\u00f3rio Sa\u00fade 3D","url":"https:\/\/www.telessaude.uerj.br\/saude3d\/","logo":{"@type":"ImageObject","url":"https:\/\/www.telessaude.uerj.br\/saude3d\/wp-content\/uploads\/sites\/7\/2026\/03\/cropped-HEADERSAUDE3D.jpg","@id":"https:\/\/www.telessaude.uerj.br\/saude3d\/informacoes\/#organizationLogo","width":1118,"height":177},"image":{"@id":"https:\/\/www.telessaude.uerj.br\/saude3d\/informacoes\/#organizationLogo"}},{"@type":"WebPage","@id":"https:\/\/www.telessaude.uerj.br\/saude3d\/informacoes\/#webpage","url":"https:\/\/www.telessaude.uerj.br\/saude3d\/informacoes\/","name":"Informa\u00e7\u00f5es - Laborat\u00f3rio Sa\u00fade 3D","description":"INTRODU\u00c7\u00c3O \u00c0S TECNOLOGIAS 3D EM SA\u00daDE CURSO PRESENCIAL Per\u00edodo: de 3 a 31 de maio de 2023 Dura\u00e7\u00e3o: 2 horas por m\u00f3dulo, sempre \u00e0s quartas-feiras, de 12h \u00e0s 14h Local: Anfiteatro 30, no pr\u00e9dio CEPEM | HUPE Promo\u00e7\u00e3o: SAUDE3D | C\u00c9LULA SA\u00daDE DE INOVA\u00c7\u00c3O E EMPREENDEDORISMO UERJ Coordena\u00e7\u00e3o: Alexandra Monteiro e Norma Albarello Organiza\u00e7\u00e3o: IBRAG,","inLanguage":"pt-BR","isPartOf":{"@id":"https:\/\/www.telessaude.uerj.br\/saude3d\/#website"},"breadcrumb":{"@id":"https:\/\/www.telessaude.uerj.br\/saude3d\/informacoes\/#breadcrumblist"},"datePublished":"2023-04-19T13:02:38-03:00","dateModified":"2023-04-19T13:02:38-03:00"},{"@type":"WebSite","@id":"https:\/\/www.telessaude.uerj.br\/saude3d\/#website","url":"https:\/\/www.telessaude.uerj.br\/saude3d\/","name":"Laborat\u00f3rio Sa\u00fade 3D","inLanguage":"pt-BR","publisher":{"@id":"https:\/\/www.telessaude.uerj.br\/saude3d\/#organization"}}]},"og:locale":"pt_BR","og:site_name":"Laborat\u00f3rio Sa\u00fade 3D -","og:type":"article","og:title":"Informa\u00e7\u00f5es - Laborat\u00f3rio Sa\u00fade 3D","og:description":"INTRODU\u00c7\u00c3O \u00c0S TECNOLOGIAS 3D EM SA\u00daDE CURSO PRESENCIAL Per\u00edodo: de 3 a 31 de maio de 2023 Dura\u00e7\u00e3o: 2 horas por m\u00f3dulo, sempre \u00e0s quartas-feiras, de 12h \u00e0s 14h Local: Anfiteatro 30, no pr\u00e9dio CEPEM | HUPE Promo\u00e7\u00e3o: SAUDE3D | C\u00c9LULA SA\u00daDE DE INOVA\u00c7\u00c3O E EMPREENDEDORISMO UERJ Coordena\u00e7\u00e3o: Alexandra Monteiro e Norma Albarello Organiza\u00e7\u00e3o: IBRAG,","og:url":"https:\/\/www.telessaude.uerj.br\/saude3d\/informacoes\/","og:image":"https:\/\/www.telessaude.uerj.br\/saude3d\/wp-content\/uploads\/sites\/7\/2022\/08\/cropped-saude3d150-2.png","og:image:secure_url":"https:\/\/www.telessaude.uerj.br\/saude3d\/wp-content\/uploads\/sites\/7\/2022\/08\/cropped-saude3d150-2.png","og:image:width":150,"og:image:height":50,"article:published_time":"2023-04-19T16:02:38-03:00","article:modified_time":"2023-04-19T16:02:38-03:00","twitter:card":"summary_large_image","twitter:title":"Informa\u00e7\u00f5es - Laborat\u00f3rio Sa\u00fade 3D","twitter:description":"INTRODU\u00c7\u00c3O \u00c0S TECNOLOGIAS 3D EM SA\u00daDE CURSO PRESENCIAL Per\u00edodo: de 3 a 31 de maio de 2023 Dura\u00e7\u00e3o: 2 horas por m\u00f3dulo, sempre \u00e0s quartas-feiras, de 12h \u00e0s 14h Local: Anfiteatro 30, no pr\u00e9dio CEPEM | HUPE Promo\u00e7\u00e3o: SAUDE3D | C\u00c9LULA SA\u00daDE DE INOVA\u00c7\u00c3O E EMPREENDEDORISMO UERJ Coordena\u00e7\u00e3o: Alexandra Monteiro e Norma Albarello Organiza\u00e7\u00e3o: IBRAG,","twitter:image":"https:\/\/www.telessaude.uerj.br\/saude3d\/wp-content\/uploads\/sites\/7\/2022\/08\/cropped-saude3d150-2.png"},"aioseo_meta_data":{"post_id":"1100","title":null,"description":null,"keywords":[],"keyphrases":{"focus":{"keyphrase":"","score":0,"analysis":{"keyphraseInTitle":{"score":0,"maxScore":9,"error":1}}},"additional":[]},"primary_term":null,"canonical_url":null,"og_title":null,"og_description":null,"og_object_type":"default","og_image_type":"default","og_image_url":null,"og_image_width":null,"og_image_height":null,"og_image_custom_url":null,"og_image_custom_fields":null,"og_video":"","og_custom_url":null,"og_article_section":null,"og_article_tags":[],"twitter_use_og":false,"twitter_card":"default","twitter_image_type":"default","twitter_image_url":null,"twitter_image_custom_url":null,"twitter_image_custom_fields":null,"twitter_title":null,"twitter_description":null,"schema":{"blockGraphs":[],"customGraphs":[],"default":{"data":{"Article":[],"Course":[],"Dataset":[],"FAQPage":[],"Movie":[],"Person":[],"Product":[],"ProductReview":[],"Car":[],"Recipe":[],"Service":[],"SoftwareApplication":[],"WebPage":[]},"graphName":"WebPage","isEnabled":true},"graphs":[]},"schema_type":"default","schema_type_options":null,"pillar_content":false,"robots_default":true,"robots_noindex":false,"robots_noarchive":false,"robots_nosnippet":false,"robots_nofollow":false,"robots_noimageindex":false,"robots_noodp":false,"robots_notranslate":false,"robots_max_snippet":"-1","robots_max_videopreview":"-1","robots_max_imagepreview":"large","priority":null,"frequency":"default","local_seo":null,"breadcrumb_settings":null,"limit_modified_date":false,"ai":null,"created":"2023-04-19 15:18:10","updated":"2025-08-28 19:39:26","focus_keyword":null,"additional_keywords":null,"truseo_locale":null,"seo_analyzer_scan_date":null},"aioseo_breadcrumb":"<div class=\"aioseo-breadcrumbs\"><span class=\"aioseo-breadcrumb\">\n\t\t\t<a href=\"https:\/\/www.telessaude.uerj.br\/saude3d\" title=\"Home\">Home<\/a>\n\t\t<\/span><span class=\"aioseo-breadcrumb-separator\">&raquo;<\/span><span class=\"aioseo-breadcrumb\">\n\t\t\tInforma\u00e7\u00f5es\n\t\t<\/span><\/div>","aioseo_breadcrumb_json":[{"label":"Home","link":"https:\/\/www.telessaude.uerj.br\/saude3d"},{"label":"Informa\u00e7\u00f5es","link":"https:\/\/www.telessaude.uerj.br\/saude3d\/informacoes\/"}],"_links":{"self":[{"href":"https:\/\/www.telessaude.uerj.br\/saude3d\/wp-json\/wp\/v2\/pages\/1100","targetHints":{"allow":["GET"]}}],"collection":[{"href":"https:\/\/www.telessaude.uerj.br\/saude3d\/wp-json\/wp\/v2\/pages"}],"about":[{"href":"https:\/\/www.telessaude.uerj.br\/saude3d\/wp-json\/wp\/v2\/types\/page"}],"author":[{"embeddable":true,"href":"https:\/\/www.telessaude.uerj.br\/saude3d\/wp-json\/wp\/v2\/users\/4"}],"replies":[{"embeddable":true,"href":"https:\/\/www.telessaude.uerj.br\/saude3d\/wp-json\/wp\/v2\/comments?post=1100"}],"version-history":[{"count":2,"href":"https:\/\/www.telessaude.uerj.br\/saude3d\/wp-json\/wp\/v2\/pages\/1100\/revisions"}],"predecessor-version":[{"id":1105,"href":"https:\/\/www.telessaude.uerj.br\/saude3d\/wp-json\/wp\/v2\/pages\/1100\/revisions\/1105"}],"wp:attachment":[{"href":"https:\/\/www.telessaude.uerj.br\/saude3d\/wp-json\/wp\/v2\/media?parent=1100"}],"curies":[{"name":"wp","href":"https:\/\/api.w.org\/{rel}","templated":true}]}}