{"id":1394,"date":"2018-09-12T13:37:56","date_gmt":"2018-09-12T13:37:56","guid":{"rendered":"https:\/\/www.telessaude.uerj.br\/site\/?page_id=1394"},"modified":"2024-12-16T13:47:27","modified_gmt":"2024-12-16T16:47:27","slug":"quem-somos","status":"publish","type":"page","link":"https:\/\/www.telessaude.uerj.br\/site\/quem-somos\/","title":{"rendered":"QUEM SOMOS"},"content":{"rendered":"<p>O <strong>N\u00facleo de Telessa\u00fade e Sa\u00fade Digital UERJ<\/strong> est\u00e1 vinculado \u00e0 Faculdade de Ci\u00eancias M\u00e9dicas e localizado no campus do Hospital Universit\u00e1rio Pedro Ernesto.<\/p>\n<p>Dentre as atividades de <strong>educa\u00e7\u00e3o, pesquisa e extens\u00e3o<\/strong>, o doravante intitulado como &#8220;<strong>Telessa\u00fade UE<\/strong>RJ&#8221; \u00e9 respons\u00e1vel por:<\/p>\n<ul>\n<li>Programa de Inicia\u00e7\u00e3o Cient\u00edfica em Telessa\u00fade e Sa\u00fade Digital<\/li>\n<li>Programa de Inicia\u00e7\u00e3o Tecnol\u00f3gica em Telessa\u00fade e Sa\u00fade Digital Cient\u00edfica<\/li>\n<li>Programa de Extens\u00e3o em Telessa\u00fade e Sa\u00fade Digital<\/li>\n<li>Programa de P\u00f3s-Gradua\u00e7\u00e3o stricto sensu em Telessa\u00fade e Sa\u00fade Digital<\/li>\n<\/ul>\n","protected":false},"excerpt":{"rendered":"<p>O N\u00facleo de Telessa\u00fade e Sa\u00fade Digital UERJ est\u00e1 vinculado \u00e0 Faculdade de Ci\u00eancias M\u00e9dicas e localizado no campus do [&hellip;]<\/p>\n","protected":false},"author":3,"featured_media":0,"parent":0,"menu_order":0,"comment_status":"closed","ping_status":"closed","template":"","meta":{"_monsterinsights_skip_tracking":false,"footnotes":"","_members_access_role":[],"_members_access_error":""},"class_list":["post-1394","page","type-page","status-publish","hentry"],"aioseo_notices":[],"aioseo_head":"\n\t\t<!-- All in One SEO 5.0.1.1 - aioseo.com -->\n\t<meta name=\"description\" content=\"O N\u00facleo de Telessa\u00fade e Sa\u00fade Digital UERJ est\u00e1 vinculado \u00e0 Faculdade de Ci\u00eancias M\u00e9dicas e localizado no campus do Hospital Universit\u00e1rio Pedro Ernesto. Dentre as atividades de educa\u00e7\u00e3o, pesquisa e extens\u00e3o, o doravante intitulado como &quot;Telessa\u00fade UERJ&quot; \u00e9 respons\u00e1vel por: Programa de Inicia\u00e7\u00e3o Cient\u00edfica em Telessa\u00fade e Sa\u00fade Digital Programa de Inicia\u00e7\u00e3o Tecnol\u00f3gica em\" \/>\n\t<meta name=\"robots\" content=\"max-image-preview:large\" \/>\n\t<link rel=\"canonical\" href=\"https:\/\/www.telessaude.uerj.br\/site\/quem-somos\/\" \/>\n\t<meta name=\"generator\" content=\"All in One SEO (AIOSEO) 5.0.1.1\" \/>\n\t\t<meta property=\"og:locale\" content=\"pt_BR\" \/>\n\t\t<meta property=\"og:site_name\" content=\"Telessa\u00fade -\" \/>\n\t\t<meta property=\"og:type\" content=\"article\" \/>\n\t\t<meta property=\"og:title\" content=\"QUEM SOMOS - Telessa\u00fade\" \/>\n\t\t<meta property=\"og:description\" content=\"O N\u00facleo de Telessa\u00fade e Sa\u00fade Digital UERJ est\u00e1 vinculado \u00e0 Faculdade de Ci\u00eancias M\u00e9dicas e localizado no campus do Hospital Universit\u00e1rio Pedro Ernesto. Dentre as atividades de educa\u00e7\u00e3o, pesquisa e extens\u00e3o, o doravante intitulado como &quot;Telessa\u00fade UERJ&quot; \u00e9 respons\u00e1vel por: Programa de Inicia\u00e7\u00e3o Cient\u00edfica em Telessa\u00fade e Sa\u00fade Digital Programa de Inicia\u00e7\u00e3o Tecnol\u00f3gica em\" \/>\n\t\t<meta property=\"og:url\" content=\"https:\/\/www.telessaude.uerj.br\/site\/quem-somos\/\" \/>\n\t\t<meta property=\"og:image\" content=\"https:\/\/www.telessaude.uerj.br\/site\/wp-content\/uploads\/sites\/4\/2022\/05\/cropped-telessaude_UERJ_cor-01-cor-copiar.png\" \/>\n\t\t<meta property=\"og:image:secure_url\" content=\"https:\/\/www.telessaude.uerj.br\/site\/wp-content\/uploads\/sites\/4\/2022\/05\/cropped-telessaude_UERJ_cor-01-cor-copiar.png\" \/>\n\t\t<meta property=\"og:image:width\" content=\"140\" \/>\n\t\t<meta property=\"og:image:height\" content=\"58\" \/>\n\t\t<meta property=\"article:published_time\" content=\"2018-09-12T13:37:56-03:00\" \/>\n\t\t<meta property=\"article:modified_time\" content=\"2024-12-16T16:47:27-03:00\" \/>\n\t\t<meta name=\"twitter:card\" content=\"summary_large_image\" \/>\n\t\t<meta name=\"twitter:title\" content=\"QUEM SOMOS - Telessa\u00fade\" \/>\n\t\t<meta name=\"twitter:description\" content=\"O N\u00facleo de Telessa\u00fade e Sa\u00fade Digital UERJ est\u00e1 vinculado \u00e0 Faculdade de Ci\u00eancias M\u00e9dicas e localizado no campus do Hospital Universit\u00e1rio Pedro Ernesto. Dentre as atividades de educa\u00e7\u00e3o, pesquisa e extens\u00e3o, o doravante intitulado como &quot;Telessa\u00fade UERJ&quot; \u00e9 respons\u00e1vel por: Programa de Inicia\u00e7\u00e3o Cient\u00edfica em Telessa\u00fade e Sa\u00fade Digital Programa de Inicia\u00e7\u00e3o Tecnol\u00f3gica em\" \/>\n\t\t<meta name=\"twitter:image\" content=\"https:\/\/www.telessaude.uerj.br\/site\/wp-content\/uploads\/sites\/4\/2022\/05\/cropped-telessaude_UERJ_cor-01-cor-copiar.png\" \/>\n\t\t<script type=\"application\/ld+json\" class=\"aioseo-schema\">\n\t\t\t{\"@context\":\"https:\\\/\\\/schema.org\",\"@graph\":[{\"@type\":\"BreadcrumbList\",\"@id\":\"https:\\\/\\\/www.telessaude.uerj.br\\\/site\\\/quem-somos\\\/#breadcrumblist\",\"itemListElement\":[{\"@type\":\"ListItem\",\"@id\":\"https:\\\/\\\/www.telessaude.uerj.br\\\/site#listItem\",\"position\":1,\"name\":\"Home\",\"item\":\"https:\\\/\\\/www.telessaude.uerj.br\\\/site\",\"nextItem\":{\"@type\":\"ListItem\",\"@id\":\"https:\\\/\\\/www.telessaude.uerj.br\\\/site\\\/quem-somos\\\/#listItem\",\"name\":\"QUEM SOMOS\"}},{\"@type\":\"ListItem\",\"@id\":\"https:\\\/\\\/www.telessaude.uerj.br\\\/site\\\/quem-somos\\\/#listItem\",\"position\":2,\"name\":\"QUEM SOMOS\",\"previousItem\":{\"@type\":\"ListItem\",\"@id\":\"https:\\\/\\\/www.telessaude.uerj.br\\\/site#listItem\",\"name\":\"Home\"}}]},{\"@type\":\"Organization\",\"@id\":\"https:\\\/\\\/www.telessaude.uerj.br\\\/site\\\/#organization\",\"name\":\"Telessa\\u00fade UERJ Site\",\"url\":\"https:\\\/\\\/www.telessaude.uerj.br\\\/site\\\/\",\"logo\":{\"@type\":\"ImageObject\",\"url\":\"https:\\\/\\\/www.telessaude.uerj.br\\\/site\\\/wp-content\\\/uploads\\\/sites\\\/4\\\/2026\\\/03\\\/cropped-HEADERLAB.jpg\",\"@id\":\"https:\\\/\\\/www.telessaude.uerj.br\\\/site\\\/quem-somos\\\/#organizationLogo\",\"width\":691,\"height\":208},\"image\":{\"@id\":\"https:\\\/\\\/www.telessaude.uerj.br\\\/site\\\/quem-somos\\\/#organizationLogo\"}},{\"@type\":\"WebPage\",\"@id\":\"https:\\\/\\\/www.telessaude.uerj.br\\\/site\\\/quem-somos\\\/#webpage\",\"url\":\"https:\\\/\\\/www.telessaude.uerj.br\\\/site\\\/quem-somos\\\/\",\"name\":\"QUEM SOMOS - Telessa\\u00fade\",\"description\":\"O N\\u00facleo de Telessa\\u00fade e Sa\\u00fade Digital UERJ est\\u00e1 vinculado \\u00e0 Faculdade de Ci\\u00eancias M\\u00e9dicas e localizado no campus do Hospital Universit\\u00e1rio Pedro Ernesto. Dentre as atividades de educa\\u00e7\\u00e3o, pesquisa e extens\\u00e3o, o doravante intitulado como \\\"Telessa\\u00fade UERJ\\\" \\u00e9 respons\\u00e1vel por: Programa de Inicia\\u00e7\\u00e3o Cient\\u00edfica em Telessa\\u00fade e Sa\\u00fade Digital Programa de Inicia\\u00e7\\u00e3o Tecnol\\u00f3gica em\",\"inLanguage\":\"pt-BR\",\"isPartOf\":{\"@id\":\"https:\\\/\\\/www.telessaude.uerj.br\\\/site\\\/#website\"},\"breadcrumb\":{\"@id\":\"https:\\\/\\\/www.telessaude.uerj.br\\\/site\\\/quem-somos\\\/#breadcrumblist\"},\"datePublished\":\"2018-09-12T13:37:56-03:00\",\"dateModified\":\"2024-12-16T13:47:27-03:00\"},{\"@type\":\"WebSite\",\"@id\":\"https:\\\/\\\/www.telessaude.uerj.br\\\/site\\\/#website\",\"url\":\"https:\\\/\\\/www.telessaude.uerj.br\\\/site\\\/\",\"name\":\"Telessa\\u00fade UERJ Site\",\"inLanguage\":\"pt-BR\",\"publisher\":{\"@id\":\"https:\\\/\\\/www.telessaude.uerj.br\\\/site\\\/#organization\"}}]}\n\t\t<\/script>\n\t\t<!-- All in One SEO -->\n\n","aioseo_head_json":{"title":"QUEM SOMOS - Telessa\u00fade","description":"O N\u00facleo de Telessa\u00fade e Sa\u00fade Digital UERJ est\u00e1 vinculado \u00e0 Faculdade de Ci\u00eancias M\u00e9dicas e localizado no campus do Hospital Universit\u00e1rio Pedro Ernesto. Dentre as atividades de educa\u00e7\u00e3o, pesquisa e extens\u00e3o, o doravante intitulado como \"Telessa\u00fade UERJ\" \u00e9 respons\u00e1vel por: Programa de Inicia\u00e7\u00e3o Cient\u00edfica em Telessa\u00fade e Sa\u00fade Digital Programa de Inicia\u00e7\u00e3o Tecnol\u00f3gica em","canonical_url":"https:\/\/www.telessaude.uerj.br\/site\/quem-somos\/","robots":"max-image-preview:large","keywords":"","webmasterTools":{"miscellaneous":""},"schema":{"@context":"https:\/\/schema.org","@graph":[{"@type":"BreadcrumbList","@id":"https:\/\/www.telessaude.uerj.br\/site\/quem-somos\/#breadcrumblist","itemListElement":[{"@type":"ListItem","@id":"https:\/\/www.telessaude.uerj.br\/site#listItem","position":1,"name":"Home","item":"https:\/\/www.telessaude.uerj.br\/site","nextItem":{"@type":"ListItem","@id":"https:\/\/www.telessaude.uerj.br\/site\/quem-somos\/#listItem","name":"QUEM SOMOS"}},{"@type":"ListItem","@id":"https:\/\/www.telessaude.uerj.br\/site\/quem-somos\/#listItem","position":2,"name":"QUEM SOMOS","previousItem":{"@type":"ListItem","@id":"https:\/\/www.telessaude.uerj.br\/site#listItem","name":"Home"}}]},{"@type":"Organization","@id":"https:\/\/www.telessaude.uerj.br\/site\/#organization","name":"Telessa\u00fade UERJ Site","url":"https:\/\/www.telessaude.uerj.br\/site\/","logo":{"@type":"ImageObject","url":"https:\/\/www.telessaude.uerj.br\/site\/wp-content\/uploads\/sites\/4\/2026\/03\/cropped-HEADERLAB.jpg","@id":"https:\/\/www.telessaude.uerj.br\/site\/quem-somos\/#organizationLogo","width":691,"height":208},"image":{"@id":"https:\/\/www.telessaude.uerj.br\/site\/quem-somos\/#organizationLogo"}},{"@type":"WebPage","@id":"https:\/\/www.telessaude.uerj.br\/site\/quem-somos\/#webpage","url":"https:\/\/www.telessaude.uerj.br\/site\/quem-somos\/","name":"QUEM SOMOS - Telessa\u00fade","description":"O N\u00facleo de Telessa\u00fade e Sa\u00fade Digital UERJ est\u00e1 vinculado \u00e0 Faculdade de Ci\u00eancias M\u00e9dicas e localizado no campus do Hospital Universit\u00e1rio Pedro Ernesto. Dentre as atividades de educa\u00e7\u00e3o, pesquisa e extens\u00e3o, o doravante intitulado como \"Telessa\u00fade UERJ\" \u00e9 respons\u00e1vel por: Programa de Inicia\u00e7\u00e3o Cient\u00edfica em Telessa\u00fade e Sa\u00fade Digital Programa de Inicia\u00e7\u00e3o Tecnol\u00f3gica em","inLanguage":"pt-BR","isPartOf":{"@id":"https:\/\/www.telessaude.uerj.br\/site\/#website"},"breadcrumb":{"@id":"https:\/\/www.telessaude.uerj.br\/site\/quem-somos\/#breadcrumblist"},"datePublished":"2018-09-12T13:37:56-03:00","dateModified":"2024-12-16T13:47:27-03:00"},{"@type":"WebSite","@id":"https:\/\/www.telessaude.uerj.br\/site\/#website","url":"https:\/\/www.telessaude.uerj.br\/site\/","name":"Telessa\u00fade UERJ Site","inLanguage":"pt-BR","publisher":{"@id":"https:\/\/www.telessaude.uerj.br\/site\/#organization"}}]},"og:locale":"pt_BR","og:site_name":"Telessa\u00fade -","og:type":"article","og:title":"QUEM SOMOS - Telessa\u00fade","og:description":"O N\u00facleo de Telessa\u00fade e Sa\u00fade Digital UERJ est\u00e1 vinculado \u00e0 Faculdade de Ci\u00eancias M\u00e9dicas e localizado no campus do Hospital Universit\u00e1rio Pedro Ernesto. Dentre as atividades de educa\u00e7\u00e3o, pesquisa e extens\u00e3o, o doravante intitulado como &quot;Telessa\u00fade UERJ&quot; \u00e9 respons\u00e1vel por: Programa de Inicia\u00e7\u00e3o Cient\u00edfica em Telessa\u00fade e Sa\u00fade Digital Programa de Inicia\u00e7\u00e3o Tecnol\u00f3gica em","og:url":"https:\/\/www.telessaude.uerj.br\/site\/quem-somos\/","og:image":"https:\/\/www.telessaude.uerj.br\/site\/wp-content\/uploads\/sites\/4\/2022\/05\/cropped-telessaude_UERJ_cor-01-cor-copiar.png","og:image:secure_url":"https:\/\/www.telessaude.uerj.br\/site\/wp-content\/uploads\/sites\/4\/2022\/05\/cropped-telessaude_UERJ_cor-01-cor-copiar.png","og:image:width":140,"og:image:height":58,"article:published_time":"2018-09-12T13:37:56-03:00","article:modified_time":"2024-12-16T16:47:27-03:00","twitter:card":"summary_large_image","twitter:title":"QUEM SOMOS - Telessa\u00fade","twitter:description":"O N\u00facleo de Telessa\u00fade e Sa\u00fade Digital UERJ est\u00e1 vinculado \u00e0 Faculdade de Ci\u00eancias M\u00e9dicas e localizado no campus do Hospital Universit\u00e1rio Pedro Ernesto. Dentre as atividades de educa\u00e7\u00e3o, pesquisa e extens\u00e3o, o doravante intitulado como &quot;Telessa\u00fade UERJ&quot; \u00e9 respons\u00e1vel por: Programa de Inicia\u00e7\u00e3o Cient\u00edfica em Telessa\u00fade e Sa\u00fade Digital Programa de Inicia\u00e7\u00e3o Tecnol\u00f3gica em","twitter:image":"https:\/\/www.telessaude.uerj.br\/site\/wp-content\/uploads\/sites\/4\/2022\/05\/cropped-telessaude_UERJ_cor-01-cor-copiar.png"},"aioseo_meta_data":{"post_id":"1394","title":null,"description":null,"keywords":null,"keyphrases":{"focus":{"keyphrase":"","score":0,"analysis":{"keyphraseInTitle":{"score":0,"maxScore":9,"error":1}}},"additional":[]},"primary_term":null,"canonical_url":null,"og_title":null,"og_description":null,"og_object_type":"default","og_image_type":"default","og_image_url":null,"og_image_width":null,"og_image_height":null,"og_image_custom_url":null,"og_image_custom_fields":null,"og_video":"","og_custom_url":null,"og_article_section":null,"og_article_tags":null,"twitter_use_og":false,"twitter_card":"default","twitter_image_type":"default","twitter_image_url":null,"twitter_image_custom_url":null,"twitter_image_custom_fields":null,"twitter_title":null,"twitter_description":null,"schema":{"blockGraphs":[],"customGraphs":[],"default":{"data":{"Article":[],"Course":[],"Dataset":[],"FAQPage":[],"Movie":[],"Person":[],"Product":[],"ProductReview":[],"Car":[],"Recipe":[],"Service":[],"SoftwareApplication":[],"WebPage":[]},"graphName":"WebPage","isEnabled":true},"graphs":[]},"schema_type":"default","schema_type_options":null,"pillar_content":false,"robots_default":true,"robots_noindex":false,"robots_noarchive":false,"robots_nosnippet":false,"robots_nofollow":false,"robots_noimageindex":false,"robots_noodp":false,"robots_notranslate":false,"robots_max_snippet":"-1","robots_max_videopreview":"-1","robots_max_imagepreview":"large","priority":null,"frequency":"default","local_seo":null,"breadcrumb_settings":null,"limit_modified_date":false,"ai":null,"created":"2023-01-18 17:55:48","updated":"2025-08-28 10:26:27","focus_keyword":null,"additional_keywords":null,"truseo_locale":null,"seo_analyzer_scan_date":null},"aioseo_breadcrumb":"<div class=\"aioseo-breadcrumbs\"><span class=\"aioseo-breadcrumb\">\n\t\t\t<a href=\"https:\/\/www.telessaude.uerj.br\/site\" title=\"Home\">Home<\/a>\n\t\t<\/span><span class=\"aioseo-breadcrumb-separator\">&raquo;<\/span><span class=\"aioseo-breadcrumb\">\n\t\t\tQUEM SOMOS\n\t\t<\/span><\/div>","aioseo_breadcrumb_json":[{"label":"Home","link":"https:\/\/www.telessaude.uerj.br\/site"},{"label":"QUEM SOMOS","link":"https:\/\/www.telessaude.uerj.br\/site\/quem-somos\/"}],"_links":{"self":[{"href":"https:\/\/www.telessaude.uerj.br\/site\/wp-json\/wp\/v2\/pages\/1394","targetHints":{"allow":["GET"]}}],"collection":[{"href":"https:\/\/www.telessaude.uerj.br\/site\/wp-json\/wp\/v2\/pages"}],"about":[{"href":"https:\/\/www.telessaude.uerj.br\/site\/wp-json\/wp\/v2\/types\/page"}],"author":[{"embeddable":true,"href":"https:\/\/www.telessaude.uerj.br\/site\/wp-json\/wp\/v2\/users\/3"}],"replies":[{"embeddable":true,"href":"https:\/\/www.telessaude.uerj.br\/site\/wp-json\/wp\/v2\/comments?post=1394"}],"version-history":[{"count":2,"href":"https:\/\/www.telessaude.uerj.br\/site\/wp-json\/wp\/v2\/pages\/1394\/revisions"}],"predecessor-version":[{"id":3312,"href":"https:\/\/www.telessaude.uerj.br\/site\/wp-json\/wp\/v2\/pages\/1394\/revisions\/3312"}],"wp:attachment":[{"href":"https:\/\/www.telessaude.uerj.br\/site\/wp-json\/wp\/v2\/media?parent=1394"}],"curies":[{"name":"wp","href":"https:\/\/api.w.org\/{rel}","templated":true}]}}